{"id":102,"date":"2026-01-13T17:56:55","date_gmt":"2026-01-13T17:56:55","guid":{"rendered":"https:\/\/asientransporte.wordpress.com\/?page_id=102"},"modified":"2026-07-20T17:56:19","modified_gmt":"2026-07-20T17:56:19","slug":"datenschutz","status":"publish","type":"page","link":"https:\/\/world-transports.com\/en\/datenschutz\/","title":{"rendered":"Data Protection"},"content":{"rendered":"<p class=\"wp-block-paragraph\"><strong>Datenschutzerkl\u00e4rung<\/strong><\/p>\n\n\n\n<p class=\"wp-block-paragraph\"><strong>Allgemeiner Hinweis und Pflichtinformationen<\/strong><\/p>\n\n\n\n<p class=\"wp-block-paragraph\"><strong>Benennung der verantwortlichen Stelle<\/strong><\/p>\n\n\n\n<p class=\"wp-block-paragraph\">Die verantwortliche Stelle f\u00fcr die Datenverarbeitung auf dieser Website ist:<\/p>\n\n\n\n<p class=\"wp-block-paragraph\">RundZ GmbH<br>Herr Andrejs Pavulans<br><a href=\"https:\/\/maps.google.com\/?q=D%C3%BCtschfeldredder+2+%0D%0A+++++++++++24223+Schwentinental&amp;entry=gmail&amp;source=g\">Bahnhofstra\u00dfe 30<\/a><br><a href=\"https:\/\/maps.google.com\/?q=D%C3%BCtschfeldredder+2+%0D%0A+++++++++++24223+Schwentinental&amp;entry=gmail&amp;source=g\"><\/a><a href=\"https:\/\/maps.google.com\/?q=D%C3%BCtschfeldredder+2+%0D%0A+++++++++++24223+Schwentinental&amp;entry=gmail&amp;source=g\">53773<\/a>&nbsp;<a href=\"https:\/\/maps.google.com\/?q=D%C3%BCtschfeldredder+2+%0D%0A+++++++++++24223+Schwentinental&amp;entry=gmail&amp;source=g\">Hennef\/Sieg<\/a><\/p>\n\n\n\n<p class=\"wp-block-paragraph\">Die verantwortliche Stelle entscheidet allein oder gemeinsam mit anderen \u00fcber die Zwecke und Mittel der Verarbeitung von personenbezogenen Daten (z.B. Namen, Kontaktdaten o. \u00c4.).<\/p>\n\n\n\n<p class=\"wp-block-paragraph\"><strong>Widerruf Ihrer Einwilligung zur Datenverarbeitung<\/strong><\/p>\n\n\n\n<p class=\"wp-block-paragraph\">Nur mit Ihrer ausdr\u00fccklichen Einwilligung sind einige Vorg\u00e4nge der Datenverarbeitung m\u00f6glich. Ein Widerruf Ihrer bereits erteilten Einwilligung ist jederzeit m\u00f6glich. F\u00fcr den Widerruf gen\u00fcgt eine formlose Mitteilung per E-Mail. Die Rechtm\u00e4\u00dfigkeit der bis zum Widerruf erfolgten Datenverarbeitung bleibt vom Widerruf unber\u00fchrt.<\/p>\n\n\n\n<p class=\"wp-block-paragraph\"><strong>Recht auf Beschwerde bei der zust\u00e4ndigen Aufsichtsbeh\u00f6rde<\/strong><\/p>\n\n\n\n<p class=\"wp-block-paragraph\">Als Betroffener steht Ihnen im Falle eines datenschutzrechtlichen Versto\u00dfes ein Beschwerderecht bei der zust\u00e4ndigen Aufsichtsbeh\u00f6rde zu. Zust\u00e4ndige Aufsichtsbeh\u00f6rde bez\u00fcglich datenschutzrechtlicher Fragen ist der Landesdatenschutzbeauftragte des Bundeslandes, in dem sich der Sitz unseres Unternehmens befindet. Der folgende Link stellt eine Liste der Datenschutzbeauftragten sowie deren Kontaktdaten bereit:&nbsp;<a href=\"https:\/\/www.bfdi.bund.de\/DE\/Infothek\/Anschriften_Links\/anschriften_links-node.html\" target=\"_blank\" rel=\"noreferrer noopener\">https:\/\/www.bfdi.bund.de\/DE\/Infothek\/Anschriften_Links\/anschriften_links-node.html<\/a>.<\/p>\n\n\n\n<p class=\"wp-block-paragraph\"><strong>Recht auf Daten\u00fcbertragbarkeit<\/strong><\/p>\n\n\n\n<p class=\"wp-block-paragraph\">Ihnen steht das Recht zu, Daten, die wir auf Grundlage Ihrer Einwilligung oder in Erf\u00fcllung eines Vertrags automatisiert verarbeiten, an sich oder an Dritte aush\u00e4ndigen zu lassen. Die Bereitstellung erfolgt in einem maschinenlesbaren Format. Sofern Sie die direkte \u00dcbertragung der Daten an einen anderen Verantwortlichen verlangen, erfolgt dies nur, soweit es technisch machbar ist.<\/p>\n\n\n\n<p class=\"wp-block-paragraph\"><strong>Recht auf Auskunft, Berichtigung, Sperrung, L\u00f6schung<\/strong><\/p>\n\n\n\n<p class=\"wp-block-paragraph\">Sie haben jederzeit im Rahmen der geltenden gesetzlichen Bestimmungen das Recht auf unentgeltliche Auskunft \u00fcber Ihre gespeicherten personenbezogenen Daten, Herkunft der Daten, deren Empf\u00e4nger und den Zweck der Datenverarbeitung und ggf. ein Recht auf Berichtigung, Sperrung oder L\u00f6schung dieser Daten. Diesbez\u00fcglich und auch zu weiteren Fragen zum Thema personenbezogene Daten k\u00f6nnen Sie sich jederzeit \u00fcber die im Impressum aufgef\u00fchrten Kontaktm\u00f6glichkeiten an uns wenden.<\/p>\n\n\n\n<p class=\"wp-block-paragraph\"><strong>SSL- bzw. TLS-Verschl\u00fcsselung<\/strong><\/p>\n\n\n\n<p class=\"wp-block-paragraph\">Aus Sicherheitsgr\u00fcnden und zum Schutz der \u00dcbertragung vertraulicher Inhalte, die Sie an uns als Seitenbetreiber senden, nutzt unsere Website eine SSL-bzw. TLS-Verschl\u00fcsselung. Damit sind Daten, die Sie \u00fcber diese Website \u00fcbermitteln, f\u00fcr Dritte nicht mitlesbar. Sie erkennen eine verschl\u00fcsselte Verbindung an der \u201e<a href=\"https:\/\/xn--hvg\/\" target=\"_blank\" rel=\"noreferrer noopener\">https:\/\/\u201c<\/a>&nbsp;Adresszeile Ihres Browsers und am Schloss-Symbol in der Browserzeile.<\/p>\n\n\n\n<p class=\"wp-block-paragraph\"><strong>Newsletter-Daten<\/strong><\/p>\n\n\n\n<p class=\"wp-block-paragraph\">Zum Versenden unseres Newsletters ben\u00f6tigen wir von Ihnen eine E-Mail-Adresse. Eine Verifizierung der angegebenen E-Mail-Adresse ist notwendig und der Empfang des Newsletters ist einzuwilligen. Erg\u00e4nzende Daten werden nicht erhoben oder sind freiwillig. Die Verwendung der Daten erfolgt ausschlie\u00dflich f\u00fcr den Versand des Newsletters.<\/p>\n\n\n\n<p class=\"wp-block-paragraph\">Die bei der Newsletteranmeldung gemachten Daten werden ausschlie\u00dflich auf Grundlage Ihrer Einwilligung (Art. 6 Abs. 1 lit. a DSGVO) verarbeitet. Ein Widerruf Ihrer bereits erteilten Einwilligung ist jederzeit m\u00f6glich. F\u00fcr den Widerruf gen\u00fcgt eine formlose Mitteilung per E-Mail oder Sie melden sich \u00fcber den &#8222;Austragen&#8220;-Link im Newsletter ab. Die Rechtm\u00e4\u00dfigkeit der bereits erfolgten Datenverarbeitungsvorg\u00e4nge bleibt vom Widerruf unber\u00fchrt.<\/p>\n\n\n\n<p class=\"wp-block-paragraph\">Zur Einrichtung des Abonnements eingegebene Daten werden im Falle der Abmeldung gel\u00f6scht. Sollten diese Daten f\u00fcr andere Zwecke und an anderer Stelle an uns \u00fcbermittelt worden sein, verbleiben diese weiterhin bei uns.<\/p>\n\n\n\n<p class=\"wp-block-paragraph\"><small>Quelle: Datenschutz-Konfigurator von&nbsp;<a href=\"http:\/\/www.mein-datenschutzbeauftragter.de\/\" target=\"_blank\" rel=\"noreferrer noopener\">mein-datenschutzbeauftragter.de<\/a><\/small><\/p>\n\n\n\n<p class=\"wp-block-paragraph\">Zur Verwaltung der eingesetzten Cookies und \u00e4hnlichen Technologien (Tracking-Pixel, Web-Beacons etc.) und diesbez\u00fcglicher Einwilligungen setzen wir das Consent Tool &#8222;Real Cookie Banner&#8220; ein. Details zur Funktionsweise von &#8222;Real Cookie Banner&#8220; findest du unter <a href=\"https:\/\/devowl.io\/de\/rcb\/datenverarbeitung\/\" rel=\"noreferrer noopener\" target=\"_blank\">https:\/\/devowl.io\/de\/rcb\/datenverarbeitung\/<\/a>.<\/p>\n\n\n\n<p class=\"wp-block-paragraph\">Rechtsgrundlagen f\u00fcr die Verarbeitung von personenbezogenen Daten in diesem Zusammenhang sind Art. 6 Abs. 1 lit. c DS-GVO und Art. 6 Abs. 1 lit. f DS-GVO. Unser berechtigtes Interesse ist die Verwaltung der eingesetzten Cookies und \u00e4hnlichen Technologien und der diesbez\u00fcglichen Einwilligungen.<\/p>\n\n\n\n<p class=\"wp-block-paragraph\">Die Bereitstellung der personenbezogenen Daten ist weder vertraglich vorgeschrieben noch f\u00fcr den Abschluss eines Vertrages notwendig. Du bist nicht verpflichtet die personenbezogenen Daten bereitzustellen. Wenn du die personenbezogenen Daten nicht bereitstellst, k\u00f6nnen wir deine Einwilligungen nicht verwalten.<\/p>\n\n\n\n<p class=\"wp-block-paragraph\"><strong>Hosting bei IONOS<\/strong><\/p>\n\n\n\n<p class=\"wp-block-paragraph\">Diese Website wird bei der Firma IONOS SE, Elgendorfer Str. 57, 56410 Montabaur, gehostet. Der Hosting-Anbieter erhebt in sogenannten Logfiles automatisch Informationen wie IP-Adresse, Browsertyp, Betriebssystem und Zugriffszeitpunkt. Die Verarbeitung erfolgt auf Grundlage unseres berechtigten Interesses an einer sicheren und effizienten Bereitstellung unseres Online-Angebots gem\u00e4\u00df Art. 6 Abs. 1 lit. f DSGVO. Mit IONOS besteht ein Vertrag zur Auftragsverarbeitung gem\u00e4\u00df Art. 28 DSGVO.<\/p>\n\n\n\n<p class=\"wp-block-paragraph\"><strong>Kontaktformular<\/strong><\/p>\n\n\n\n<p class=\"wp-block-paragraph\">Wenn Sie uns \u00fcber das Kontaktformular Anfragen zukommen lassen, werden Ihre Angaben aus dem Formular inklusive der von Ihnen dort angegebenen Kontaktdaten zwecks Bearbeitung der Anfrage und f\u00fcr den Fall von Anschlussfragen bei uns gespeichert. Diese Daten geben wir nicht ohne Ihre Einwilligung weiter. Die Verarbeitung der in das Kontaktformular eingegebenen Daten erfolgt auf Grundlage eines berechtigten Interesses (Art. 6 Abs. 1 lit. f DSGVO) oder, sofern diese abgefragt wurde, auf Grundlage Ihrer Einwilligung (Art. 6 Abs. 1 lit. a DSGVO). Das Kontaktformular wird technisch \u00fcber das WordPress-Plugin WPForms bereitgestellt.<\/p>","protected":false},"excerpt":{"rendered":"<p>Datenschutzerkl\u00e4rung Allgemeiner Hinweis und Pflichtinformationen Benennung der verantwortlichen Stelle Die verantwortliche Stelle f\u00fcr die Datenverarbeitung auf dieser Website ist: RundZ GmbHHerr Andrejs PavulansBahnhofstra\u00dfe 3053773&nbsp;Hennef\/Sieg Die verantwortliche Stelle entscheidet allein oder gemeinsam mit anderen \u00fcber die Zwecke und Mittel der Verarbeitung von personenbezogenen Daten (z.B. Namen, Kontaktdaten o. \u00c4.). Widerruf Ihrer Einwilligung zur Datenverarbeitung Nur mit [&hellip;]<\/p>\n","protected":false},"author":1,"featured_media":0,"parent":0,"menu_order":0,"comment_status":"closed","ping_status":"closed","template":"page-with-title","meta":{"_swt_meta_header_display":false,"_swt_meta_footer_display":false,"_swt_meta_site_title_display":false,"_swt_meta_sticky_header":false,"_swt_meta_transparent_header":false,"footnotes":""},"class_list":["post-102","page","type-page","status-publish","hentry"],"spectra_blocks_featured_image_url":null,"spectra_blocks_author_info":{"display_name":"admin","avatar_url":"https:\/\/secure.gravatar.com\/avatar\/d0e6c3566e30b8c780eeef611bb8c28cc6f0b23f684d76b7e79c4b0541265bb0?s=96&d=mm&r=g","author_link":"https:\/\/world-transports.com\/en\/author\/admin-2\/","description":""},"_links":{"self":[{"href":"https:\/\/world-transports.com\/en\/wp-json\/wp\/v2\/pages\/102","targetHints":{"allow":["GET"]}}],"collection":[{"href":"https:\/\/world-transports.com\/en\/wp-json\/wp\/v2\/pages"}],"about":[{"href":"https:\/\/world-transports.com\/en\/wp-json\/wp\/v2\/types\/page"}],"author":[{"embeddable":true,"href":"https:\/\/world-transports.com\/en\/wp-json\/wp\/v2\/users\/1"}],"replies":[{"embeddable":true,"href":"https:\/\/world-transports.com\/en\/wp-json\/wp\/v2\/comments?post=102"}],"version-history":[{"count":3,"href":"https:\/\/world-transports.com\/en\/wp-json\/wp\/v2\/pages\/102\/revisions"}],"predecessor-version":[{"id":9270,"href":"https:\/\/world-transports.com\/en\/wp-json\/wp\/v2\/pages\/102\/revisions\/9270"}],"wp:attachment":[{"href":"https:\/\/world-transports.com\/en\/wp-json\/wp\/v2\/media?parent=102"}],"curies":[{"name":"wp","href":"https:\/\/api.w.org\/{rel}","templated":true}]}}